{"id":44,"date":"2019-07-25T10:43:07","date_gmt":"2019-07-25T07:43:07","guid":{"rendered":"http:\/\/kuafor.me\/?page_id=44"},"modified":"2024-11-14T19:50:20","modified_gmt":"2024-11-14T16:50:20","slug":"sac-kaynak","status":"publish","type":"page","link":"http:\/\/kuafor.me\/index.php\/sac-kaynak\/","title":{"rendered":"Sa\u00e7 Kaynak"},"content":{"rendered":"\n<h2 class=\"wp-block-heading\">Sa\u00e7 Kaynak<\/h2>\n\n\n\n<div class=\"wp-block-image\"><figure class=\"aligncenter\"><a href=\"https:\/\/web.archive.org\/web\/20180905161703\/http:\/\/www.kuafor.me\/wp-content\/uploads\/2010\/10\/boncuk-kaynak-1.jpg\" rel=\"wp-prettyPhoto[44]\"><img decoding=\"async\" src=\"https:\/\/web.archive.org\/web\/20180905161703im_\/http:\/\/www.kuafor.me\/wp-content\/uploads\/2010\/10\/boncuk-kaynak-1.jpg\" alt=\"Sa\u00e7 Kaynak\" class=\"wp-image-100\"\/><\/a><figcaption>Sa\u00e7 Kaynak<\/figcaption><\/figure><\/div>\n\n\n\n<h2 class=\"wp-block-heading\"><strong><em>Sach Sa\u00e7 Kaynak Merkezi <\/em><\/strong><\/h2>\n\n\n\n<p><strong><em>Sa\u00e7 Kaynaklar\u0131<\/em><\/strong> uygulamas\u0131 <strong>SACH \u00ae<\/strong> kalitesi ile 1. s\u0131n\u0131f sa\u00e7 kaynak uygulamalar\u0131 <strong>Sa\u00e7 Kaynak<\/strong> uzman\u0131 <strong><em>Murat Koluk\u0131r\u0131k<\/em><\/strong>\n taraf\u0131ndan itina ile sanat esiri olarak uygulanmaktad\u0131r.&nbsp; Sa\u00e7 kayna\u011f\u0131 \n\u00e7al\u0131\u015fmas\u0131 estetik ve sanatsal bir \u00e7al\u0131\u015fman\u0131n yan\u0131 s\u0131ra iyi bir e\u011fitim \ngerektiren bir sa\u00e7 uzatma uygulamas\u0131d\u0131r.<\/p>\n\n\n\n<p>Sa\u00e7 Kaynaklar\u0131 farkl\u0131 uygulama y\u00f6ntemleri ile yap\u0131labilmektedir. Sa\u00e7 \nKayna\u011f\u0131nda d\u00fcnya \u00fclkelerinde farkl\u0131 co\u011frafyalarda farkl\u0131 sa\u00e7 kaynak \nuygulamalar\u0131 s\u0131kl\u0131kla tercih edilmektedir.<\/p>\n\n\n\n<p>Avrupa \u0131rk\u0131 sa\u00e7 yap\u0131s\u0131na sahip \u00fclkelerde genlikler <strong>Keratin Sa\u00e7 Kaynak<\/strong> tercih edilmektedir, bunun nedeni Avrupa \u0131rk\u0131n\u0131n sa\u00e7lar\u0131n\u0131n ince telli ve hacim olarak genelde az olmas\u0131ndan kaynaklan\u0131yor.<\/p>\n\n\n\n<p>Keratin Kaynak \u00e7ok ince telli sa\u00e7larda sa\u00e7\u0131 daha iyi kavray\u0131p sa\u00e7 ile\n b\u00fct\u00fcnle\u015fmektedir ve sa\u00e7tan d\u00fc\u015fme \u00e7\u0131kma riski \u00e7ok d\u00fc\u015f\u00fckt\u00fcr. Bu y\u00fczden \nAvrupa \u0131rk\u0131 gibi \u00e7ok zay\u0131f ve ince telli sa\u00e7lara sahi ki\u015filere keratin \nkaynak \u00f6nermekteyiz.<\/p>\n\n\n\n<p>Orta Asya ve T\u00fcrk \u0131rk\u0131 sa\u00e7 yap\u0131s\u0131 Avrupa \u0131rk\u0131na nazaran daha kal\u0131n \ntelli ve dalgal\u0131 sa\u00e7 yap\u0131s\u0131na daha s\u0131k rastland\u0131\u011f\u0131 i\u00e7in halk aras\u0131nda \nBoncuk Kaynak diye adland\u0131r\u0131lan Halka Sa\u00e7 kaynak uygulamalar\u0131n\u0131 tavsiye \netmekteyiz ve uygulamaktay\u0131z. Boncuk Kaynak sa\u00e7a tak\u0131lmas\u0131 ve sa\u00e7tan \n\u00e7\u0131kar\u0131lmas\u0131 en kolay uygulama i\u015flemine sahip sa\u00e7 kaynak \u00e7e\u015fididir. \nBoncuk kaynak ile ilgli geni\u015f ve a\u00e7\u0131klay\u0131c\u0131 bilgiyi Boncuk Kaynak \nsayfas\u0131ndan izleyebilirsiniz.<\/p>\n","protected":false},"excerpt":{"rendered":"<p>Sa\u00e7 Kaynak Sach Sa\u00e7 Kaynak Merkezi Sa\u00e7 Kaynaklar\u0131 uygulamas\u0131 SACH \u00ae kalitesi ile 1. s\u0131n\u0131f sa\u00e7 kaynak uygulamalar\u0131 Sa\u00e7 Kaynak uzman\u0131 Murat Koluk\u0131r\u0131k taraf\u0131ndan itina ile sanat esiri olarak uygulanmaktad\u0131r.&nbsp; Sa\u00e7 kayna\u011f\u0131 \u00e7al\u0131\u015fmas\u0131 estetik ve sanatsal bir \u00e7al\u0131\u015fman\u0131n yan\u0131 s\u0131ra iyi bir e\u011fitim gerektiren bir sa\u00e7 uzatma<\/p>\n","protected":false},"author":1,"featured_media":0,"parent":0,"menu_order":0,"comment_status":"closed","ping_status":"closed","template":"","meta":{"footnotes":""},"tags":[22,21,18,19,20],"class_list":["post-44","page","type-page","status-publish","hentry","tag-keratin-sac-kaynak","tag-murat-kolukirik","tag-sac-kaynak","tag-sach","tag-sach-sac-kaynak-merkezi"],"aioseo_notices":[],"_links":{"self":[{"href":"http:\/\/kuafor.me\/index.php\/wp-json\/wp\/v2\/pages\/44","targetHints":{"allow":["GET"]}}],"collection":[{"href":"http:\/\/kuafor.me\/index.php\/wp-json\/wp\/v2\/pages"}],"about":[{"href":"http:\/\/kuafor.me\/index.php\/wp-json\/wp\/v2\/types\/page"}],"author":[{"embeddable":true,"href":"http:\/\/kuafor.me\/index.php\/wp-json\/wp\/v2\/users\/1"}],"replies":[{"embeddable":true,"href":"http:\/\/kuafor.me\/index.php\/wp-json\/wp\/v2\/comments?post=44"}],"version-history":[{"count":1,"href":"http:\/\/kuafor.me\/index.php\/wp-json\/wp\/v2\/pages\/44\/revisions"}],"predecessor-version":[{"id":46,"href":"http:\/\/kuafor.me\/index.php\/wp-json\/wp\/v2\/pages\/44\/revisions\/46"}],"wp:attachment":[{"href":"http:\/\/kuafor.me\/index.php\/wp-json\/wp\/v2\/media?parent=44"}],"wp:term":[{"taxonomy":"post_tag","embeddable":true,"href":"http:\/\/kuafor.me\/index.php\/wp-json\/wp\/v2\/tags?post=44"}],"curies":[{"name":"wp","href":"https:\/\/api.w.org\/{rel}","templated":true}]}}